{"id":9458,"date":"2024-03-08T15:19:09","date_gmt":"2024-03-08T14:19:09","guid":{"rendered":"https:\/\/aafcb.cat\/inicio\/"},"modified":"2024-03-08T16:20:05","modified_gmt":"2024-03-08T15:20:05","slug":"inicio","status":"publish","type":"page","link":"https:\/\/aafcb.cat\/es\/","title":{"rendered":"Inicio"},"content":{"rendered":"<p>[et_pb_section fb_built=\u00bb1&#8243; admin_label=\u00bbSLIDE\u00bb module_id=\u00bbslide-home\u00bb _builder_version=\u00bb4.22.2&#8243; _module_preset=\u00bbdefault\u00bb custom_margin=\u00bb0px||0px||false|false\u00bb custom_padding=\u00bb0px||0px||false|false\u00bb global_colors_info=\u00bb{}\u00bb][et_pb_row _builder_version=\u00bb4.22.2&#8243; _module_preset=\u00bbdefault\u00bb width=\u00bb100%\u00bb max_width=\u00bb2560px\u00bb custom_margin=\u00bb0px||0px||false|false\u00bb custom_padding=\u00bb0px||0px||false|false\u00bb global_colors_info=\u00bb{}\u00bb][et_pb_column type=\u00bb4_4&#8243; _builder_version=\u00bb4.21.0&#8243; _module_preset=\u00bbdefault\u00bb global_colors_info=\u00bb{}\u00bb][et_pb_code _builder_version=\u00bb4.21.0&#8243; _module_preset=\u00bbdefault\u00bb global_colors_info=\u00bb{}\u00bb]<div id=\"metaslider-id-8935\" style=\"width: 100%;\" class=\"ml-slider-3-107-0 metaslider metaslider-nivo metaslider-8935 ml-slider ms-theme-default\" role=\"region\" aria-label=\"Home\" data-height=\"300\" data-width=\"700\">\n    <div id=\"metaslider_container_8935\">\n        <div class='slider-wrapper theme-default'><div class='ribbon'><\/div><div id='metaslider_8935' class='nivoSlider'><img loading=\"lazy\" decoding=\"async\" src=\"https:\/\/aafcb.cat\/aafcb-ferrocarril-media\/slide1-4-700x300.png\" height=\"300\" width=\"700\" title=\"slide1\" alt=\"\" class=\"slider-8935 slide-8951 msDefaultImage\" \/><img loading=\"lazy\" decoding=\"async\" src=\"https:\/\/aafcb.cat\/aafcb-ferrocarril-media\/slide2-2-700x300.png\" height=\"300\" width=\"700\" title=\"slide2\" alt=\"\" class=\"slider-8935 slide-9695 msDefaultImage\" \/><img loading=\"lazy\" decoding=\"async\" src=\"https:\/\/aafcb.cat\/aafcb-ferrocarril-media\/slide3-2-700x300.png\" height=\"300\" width=\"700\" title=\"slide3\" alt=\"\" class=\"slider-8935 slide-9696 msDefaultImage\" \/><img loading=\"lazy\" decoding=\"async\" src=\"https:\/\/aafcb.cat\/aafcb-ferrocarril-media\/slide4-2-700x300.png\" height=\"300\" width=\"700\" title=\"slide4\" alt=\"\" class=\"slider-8935 slide-9697 msDefaultImage\" \/><img loading=\"lazy\" decoding=\"async\" src=\"https:\/\/aafcb.cat\/aafcb-ferrocarril-media\/slide5-2-700x300.png\" height=\"300\" width=\"700\" title=\"slide5\" alt=\"\" class=\"slider-8935 slide-9698 msDefaultImage\" \/><\/div><\/div>\n        \n    <\/div>\n<\/div>[\/et_pb_code][\/et_pb_column][\/et_pb_row][et_pb_row module_class=\u00bbflex-cont\u00bb _builder_version=\u00bb4.22.2&#8243; _module_preset=\u00bbdefault\u00bb global_colors_info=\u00bb{}\u00bb][et_pb_column type=\u00bb4_4&#8243; _builder_version=\u00bb4.21.0&#8243; _module_preset=\u00bbdefault\u00bb global_colors_info=\u00bb{}\u00bb][et_pb_text admin_label=\u00bbUn espai d&#8217;intercanvi d&#8217;idees i coneixements sobre el m\u00f3n del ferrocarril en tots el seus \u00e0mbits.\u00bb module_class=\u00bbflex\u00bb _builder_version=\u00bb4.22.2&#8243; _module_preset=\u00bbdefault\u00bb global_colors_info=\u00bb{}\u00bb]<\/p>\n<div>\n<h1>Associaci\u00f3 d\u2019Amics del Ferrocarril<br \/>de Barcelona<\/h1>\n<h2>Un espacio de intercambio de ideas y conocimientos sobre el mundo del ferrocarril en todos sus \u00e1mbitos.<\/h2>\n<\/div>\n<p>[\/et_pb_text][\/et_pb_column][\/et_pb_row][\/et_pb_section][et_pb_section fb_built=\u00bb1&#8243; module_class=\u00bbcontent-box\u00bb _builder_version=\u00bb4.22.2&#8243; _module_preset=\u00bbdefault\u00bb background_color=\u00bb#f5f5f5&#8243; global_colors_info=\u00bb{}\u00bb][et_pb_row column_structure=\u00bb1_4,1_4,1_4,1_4&#8243; make_equal=\u00bbon\u00bb _builder_version=\u00bb4.22.2&#8243; _module_preset=\u00bbdefault\u00bb global_colors_info=\u00bb{}\u00bb][et_pb_column type=\u00bb1_4&#8243; module_class=\u00bbbox\u00bb _builder_version=\u00bb4.22.2&#8243; _module_preset=\u00bbdefault\u00bb global_colors_info=\u00bb{}\u00bb][et_pb_image src=\u00bbhttps:\/\/aafcb.cat\/aafcb-ferrocarril-media\/estudi-300&#215;300.png\u00bb title_text=\u00bbestudio\u00bb _builder_version=\u00bb4.22.2&#8243; _module_preset=\u00bbdefault\u00bb global_colors_info=\u00bb{}\u00bb][\/et_pb_image][et_pb_text admin_label=\u00bbEstudi i Divulgaci\u00f3 del m\u00f3n Ferroviari\u00bb _builder_version=\u00bb4.22.2&#8243; _module_preset=\u00bbdefault\u00bb global_colors_info=\u00bb{}\u00bb]<\/p>\n<h4 style=\"text-align: center;\">Estudio y Difusi\u00f3n del Mundo Ferroviario<\/h4>\n<p>[\/et_pb_text][\/et_pb_column][et_pb_column type=\u00bb1_4&#8243; module_class=\u00bbbox\u00bb _builder_version=\u00bb4.22.2&#8243; _module_preset=\u00bbdefault\u00bb global_colors_info=\u00bb{}\u00bb][et_pb_image src=\u00bbhttps:\/\/aafcb.cat\/aafcb-ferrocarril-media\/miniatura-300&#215;300.png\u00bb title_text=\u00bbminiatura\u00bb _builder_version=\u00bb4.22.2&#8243; _module_preset=\u00bbdefault\u00bb global_colors_info=\u00bb{}\u00bb][\/et_pb_image][et_pb_text admin_label=\u00bbFoment del Modelisme i el Tren en Miniatura\u00bb _builder_version=\u00bb4.22.2&#8243; _module_preset=\u00bbdefault\u00bb global_colors_info=\u00bb{}\u00bb]<\/p>\n<h4 style=\"text-align: center;\">Fomento del Modelismo y el Tren en Miniatura<\/h4>\n<p>[\/et_pb_text][\/et_pb_column][et_pb_column type=\u00bb1_4&#8243; module_class=\u00bbbox\u00bb _builder_version=\u00bb4.22.2&#8243; _module_preset=\u00bbdefault\u00bb global_colors_info=\u00bb{}\u00bb][et_pb_image src=\u00bbhttps:\/\/aafcb.cat\/aafcb-ferrocarril-media\/patrimoni-300&#215;300.png\u00bb title_text=\u00bbpatrimoni\u00bb _builder_version=\u00bb4.22.2&#8243; _module_preset=\u00bbdefault\u00bb global_colors_info=\u00bb{}\u00bb][\/et_pb_image][et_pb_text admin_label=\u00bbConservaci\u00f3 del Patrimoni Ferroviari\u00bb _builder_version=\u00bb4.22.2&#8243; _module_preset=\u00bbdefault\u00bb global_colors_info=\u00bb{}\u00bb]<\/p>\n<h4 style=\"text-align: center;\">Conservaci\u00f3n del patrimonio ferroviario<\/h4>\n<p>[\/et_pb_text][\/et_pb_column][et_pb_column type=\u00bb1_4&#8243; module_class=\u00bbbox\u00bb _builder_version=\u00bb4.22.2&#8243; _module_preset=\u00bbdefault\u00bb global_colors_info=\u00bb{}\u00bb][et_pb_image src=\u00bbhttps:\/\/aafcb.cat\/aafcb-ferrocarril-media\/viajar-300&#215;300.png\u00bb title_text=\u00bbviajar\u00bb _builder_version=\u00bb4.22.2&#8243; _module_preset=\u00bbdefault\u00bb global_colors_info=\u00bb{}\u00bb][\/et_pb_image][et_pb_text admin_label=\u00bbDefensa del Tren com a Mitj\u00e0 de Transport\u00bb _builder_version=\u00bb4.22.2&#8243; _module_preset=\u00bbdefault\u00bb global_colors_info=\u00bb{}\u00bb]<\/p>\n<h4 style=\"text-align: center;\">Defensa del tren como medio de transporte<\/h4>\n<p>[\/et_pb_text][\/et_pb_column][\/et_pb_row][\/et_pb_section][et_pb_section fb_built=\u00bb1&#8243; _builder_version=\u00bb4.21.0&#8243; _module_preset=\u00bbdefault\u00bb global_colors_info=\u00bb{}\u00bb][et_pb_row _builder_version=\u00bb4.22.2&#8243; _module_preset=\u00bbdefault\u00bb global_colors_info=\u00bb{}\u00bb][et_pb_column type=\u00bb4_4&#8243; _builder_version=\u00bb4.21.0&#8243; _module_preset=\u00bbdefault\u00bb global_colors_info=\u00bb{}\u00bb][et_pb_image src=\u00bbhttps:\/\/aafcb.cat\/aafcb-ferrocarril-media\/local-aafcb.jpg\u00bb title_text=\u00bblocal-aafcb\u00bb force_fullwidth=\u00bbon\u00bb _builder_version=\u00bb4.22.2&#8243; _module_preset=\u00bbdefault\u00bb global_colors_info=\u00bb{}\u00bb][\/et_pb_image][et_pb_text admin_label=\u00bbText\u00bb _builder_version=\u00bb4.22.2&#8243; _module_preset=\u00bbdefault\u00bb global_colors_info=\u00bb{}\u00bb]En la Associaci\u00f3 d&#8217;Amics del Ferrocarril de Barcelona (AAFCB) te ofrecemos un espacio para intercambiar ideas y conocimientos sobre el mundo del ferrocarril en todos sus \u00e1mbitos. Con acceso a maquetas de diferentes escalas y ancho de via. Organizaci\u00f3n peri\u00f3dica de viajes especializados; Celebraci\u00f3n de foros p\u00fablicos y privados. Acceso a una biblioteca con un amplio cat\u00e1logo de publicaciones nacionales e internacionales. Organizaci\u00f3n de m\u00faltiples y variadas actividades sociales. Con los avances en oficios especializados, y todo lo que pueda desarrollarse en el futuro.[\/et_pb_text][\/et_pb_column][\/et_pb_row][et_pb_row column_structure=\u00bb1_4,1_4,1_4,1_4&#8243; make_equal=\u00bbon\u00bb _builder_version=\u00bb4.22.2&#8243; _module_preset=\u00bbdefault\u00bb background_enable_image=\u00bboff\u00bb global_colors_info=\u00bb{}\u00bb][et_pb_column type=\u00bb1_4&#8243; _builder_version=\u00bb4.22.2&#8243; _module_preset=\u00bbdefault\u00bb global_colors_info=\u00bb{}\u00bb][et_pb_text admin_label=\u00bbBiblioteca i Hemeroteca\u00bb _builder_version=\u00bb4.22.2&#8243; _module_preset=\u00bbdefault\u00bb global_colors_info=\u00bb{}\u00bb]<\/p>\n<p><strong>Biblioteca y Hemeroteca<\/strong><br \/>M\u00e1s de 5000 libros y revistas especializadas.<\/p>\n<p>[\/et_pb_text][\/et_pb_column][et_pb_column type=\u00bb1_4&#8243; _builder_version=\u00bb4.21.0&#8243; _module_preset=\u00bbdefault\u00bb global_colors_info=\u00bb{}\u00bb][et_pb_text admin_label=\u00bbMaquetes\u00bb _builder_version=\u00bb4.22.2&#8243; _module_preset=\u00bbdefault\u00bb global_colors_info=\u00bb{}\u00bb]<\/p>\n<p><strong>Maquetas<\/strong><br \/>Modelos de diferentes escalas.<\/p>\n<p>[\/et_pb_text][\/et_pb_column][et_pb_column type=\u00bb1_4&#8243; _builder_version=\u00bb4.21.0&#8243; _module_preset=\u00bbdefault\u00bb global_colors_info=\u00bb{}\u00bb][et_pb_text admin_label=\u00bbSala d\u2019audiovisuals\u00bb _builder_version=\u00bb4.22.2&#8243; _module_preset=\u00bbdefault\u00bb global_colors_info=\u00bb{}\u00bb]<\/p>\n<p><strong>Sala de audiovisuales<\/strong><br \/>Sala de reproducci\u00f3n digital con capacidad para 24 personas.<\/p>\n<p>[\/et_pb_text][\/et_pb_column][et_pb_column type=\u00bb1_4&#8243; _builder_version=\u00bb4.21.0&#8243; _module_preset=\u00bbdefault\u00bb global_colors_info=\u00bb{}\u00bb][et_pb_text admin_label=\u00bbEspai Muse\u00edstic\u00bb _builder_version=\u00bb4.22.2&#8243; _module_preset=\u00bbdefault\u00bb global_colors_info=\u00bb{}\u00bb]<\/p>\n<p><strong>Espacio Muse\u00edstico<\/strong><br \/>Elementos ferroviarios de finales del siglo XIX.<\/p>\n<p>[\/et_pb_text][\/et_pb_column][\/et_pb_row][\/et_pb_section][et_pb_section fb_built=\u00bb1&#8243; custom_padding_last_edited=\u00bbon|desktop\u00bb admin_label=\u00bbsection\u00bb _builder_version=\u00bb4.16&#8243; custom_padding=\u00bb0px|||\u00bb custom_padding_tablet=\u00bb50px|0|50px|0&#8243; custom_padding_phone=\u00bb\u00bb transparent_background=\u00bboff\u00bb padding_mobile=\u00bboff\u00bb make_fullwidth=\u00bboff\u00bb use_custom_width=\u00bboff\u00bb width_unit=\u00bboff\u00bb custom_width_px=\u00bb1080px\u00bb custom_width_percent=\u00bb80%\u00bb global_colors_info=\u00bb{}\u00bb][et_pb_row padding_mobile=\u00bboff\u00bb column_padding_mobile=\u00bbon\u00bb admin_label=\u00bbrow\u00bb _builder_version=\u00bb4.16&#8243; background_size=\u00bbinitial\u00bb background_position=\u00bbtop_left\u00bb background_repeat=\u00bbrepeat\u00bb make_fullwidth=\u00bboff\u00bb use_custom_width=\u00bboff\u00bb width_unit=\u00bboff\u00bb custom_width_px=\u00bb1080px\u00bb custom_width_percent=\u00bb80%\u00bb global_colors_info=\u00bb{}\u00bb][et_pb_column type=\u00bb4_4&#8243; _builder_version=\u00bb4.16&#8243; custom_padding=\u00bb|||\u00bb global_colors_info=\u00bb{}\u00bb custom_padding__hover=\u00bb|||\u00bb][et_pb_text admin_label=\u00bbPreguntes Freq\u00fcents\u00bb _builder_version=\u00bb4.21.0&#8243; _module_preset=\u00bbdefault\u00bb global_colors_info=\u00bb{}\u00bb]<\/p>\n<h2 style=\"text-align: center;\">Preguntas frecuentes<\/h2>\n<p>[\/et_pb_text][et_pb_accordion icon_color=\u00bb#006633&#8243; admin_label=\u00bbAccordion\u00bb _builder_version=\u00bb4.21.0&#8243; toggle_font_size=\u00bb16px\u00bb use_border_color=\u00bboff\u00bb border_color=\u00bb#ffffff\u00bb border_width=\u00bb1px\u00bb border_style=\u00bbsolid\u00bb global_colors_info=\u00bb{}\u00bb][et_pb_accordion_item title=\u00bb\u00bfC\u00f3mo puedo hacerme socio?\u00bb open=\u00bbon\u00bb _builder_version=\u00bb4.16&#8243; use_border_color=\u00bboff\u00bb border_color=\u00bb#ffffff\u00bb border_width=\u00bb1px\u00bb border_style=\u00bbsolid\u00bb global_colors_info=\u00bb{}\u00bb]En persona, debe rellenar un formulario y traer una fotograf\u00eda tama\u00f1o carn\u00e9.[\/et_pb_accordion_item][et_pb_accordion_item title=\u00bb\u00bfSe puede visitar la entidad?\u00bb _builder_version=\u00bb4.16&#8243; use_border_color=\u00bboff\u00bb border_color=\u00bb#ffffff\u00bb border_width=\u00bb1px\u00bb border_style=\u00bbsolid\u00bb global_colors_info=\u00bb{}\u00bb open=\u00bboff\u00bb]S\u00ed, debe comprar un billete en la entrada.[\/et_pb_accordion_item][et_pb_accordion_item title=\u00bb\u00bfHac\u00e9is actividades para no socios?\u00bb _builder_version=\u00bb4.21.0&#8243; use_border_color=\u00bboff\u00bb border_color=\u00bb#ffffff\u00bb border_width=\u00bb1px\u00bb border_style=\u00bbsolid\u00bb global_colors_info=\u00bb{}\u00bb open=\u00bboff\u00bb]Algunas s\u00ed, cons\u00faltalo en la Agenda de Eventos en la web.[\/et_pb_accordion_item][et_pb_accordion_item title=\u00bb\u00bfQu\u00e9 d\u00edas est\u00e1 abierta la sede Social?\u00bb _builder_version=\u00bb4.21.0&#8243; use_border_color=\u00bboff\u00bb border_color=\u00bb#ffffff\u00bb border_width=\u00bb1px\u00bb border_style=\u00bbsolid\u00bb global_colors_info=\u00bb{}\u00bb open=\u00bboff\u00bb]De martes a viernes de 17.00 a 20.00 horas y los s\u00e1bados de 17.00 a 20.30 horas.<br \/>\nSe recomienda confirmar el horario antes de desplazarse.[\/et_pb_accordion_item][et_pb_accordion_item title=\u00bb\u00bfC\u00f3mo puedo reservar una maqueta?\u00bb _builder_version=\u00bb4.21.0&#8243; use_border_color=\u00bboff\u00bb border_color=\u00bb#ffffff\u00bb border_width=\u00bb1px\u00bb border_style=\u00bbsolid\u00bb global_colors_info=\u00bb{}\u00bb open=\u00bboff\u00bb]Consulta la disponibilidad en el Espacio del Socio y res\u00e9rvala en Secretaria.[\/et_pb_accordion_item][\/et_pb_accordion][\/et_pb_column][\/et_pb_row][\/et_pb_section][et_pb_section fb_built=\u00bb1&#8243; fullwidth=\u00bbon\u00bb _builder_version=\u00bb4.22.2&#8243; _module_preset=\u00bbdefault\u00bb custom_margin=\u00bb||0px||false|false\u00bb custom_padding=\u00bb||0px||false|false\u00bb global_colors_info=\u00bb{}\u00bb][et_pb_fullwidth_code _builder_version=\u00bb4.22.2&#8243; _module_preset=\u00bbdefault\u00bb global_colors_info=\u00bb{}\u00bb]<iframe src=\"https:\/\/www.google.com\/maps\/embed?pb=!1m18!1m12!1m3!1d2992.933474715314!2d2.1987034760601594!3d41.39725107129863!2m3!1f0!2f0!3f0!3m2!1i1024!2i768!4f13.1!3m3!1m2!1s0x12a4a3145766ddfd%3A0xe094bba5355df5b4!2sAsociaci%C3%B3n%20de%20Amigos%20del%20Ferrocarril%20de%20Barcelona!5e0!3m2!1ses!2ses!4v1696919158288!5m2!1ses!2ses\" style=\"border:0;width:100%;height:300px\" allowfullscreen=\"\" loading=\"lazy\" referrerpolicy=\"no-referrer-when-downgrade\"><\/iframe>[\/et_pb_fullwidth_code][\/et_pb_section]<\/p>\n","protected":false},"excerpt":{"rendered":"<p><div id=\"metaslider-id-8935\" style=\"width: 100%;\" class=\"ml-slider-3-107-0 metaslider metaslider-nivo metaslider-8935 ml-slider ms-theme-default\" role=\"region\" aria-label=\"Home\" data-height=\"300\" data-width=\"700\">\n    <div id=\"metaslider_container_8935\">\n        <div class='slider-wrapper theme-default'><div class='ribbon'><\/div><div id='metaslider_8935' class='nivoSlider'><img loading=\"lazy\" decoding=\"async\" src=\"https:\/\/aafcb.cat\/aafcb-ferrocarril-media\/slide1-4-700x300.png\" height=\"300\" width=\"700\" title=\"slide1\" alt=\"\" class=\"slider-8935 slide-8951 msDefaultImage\" \/><img loading=\"lazy\" decoding=\"async\" src=\"https:\/\/aafcb.cat\/aafcb-ferrocarril-media\/slide2-2-700x300.png\" height=\"300\" width=\"700\" title=\"slide2\" alt=\"\" class=\"slider-8935 slide-9695 msDefaultImage\" \/><img loading=\"lazy\" decoding=\"async\" src=\"https:\/\/aafcb.cat\/aafcb-ferrocarril-media\/slide3-2-700x300.png\" height=\"300\" width=\"700\" title=\"slide3\" alt=\"\" class=\"slider-8935 slide-9696 msDefaultImage\" \/><img loading=\"lazy\" decoding=\"async\" src=\"https:\/\/aafcb.cat\/aafcb-ferrocarril-media\/slide4-2-700x300.png\" height=\"300\" width=\"700\" title=\"slide4\" alt=\"\" class=\"slider-8935 slide-9697 msDefaultImage\" \/><img loading=\"lazy\" decoding=\"async\" src=\"https:\/\/aafcb.cat\/aafcb-ferrocarril-media\/slide5-2-700x300.png\" height=\"300\" width=\"700\" title=\"slide5\" alt=\"\" class=\"slider-8935 slide-9698 msDefaultImage\" \/><\/div><\/div>\n        \n    <\/div>\n<\/div> Associaci\u00f3 d\u2019Amics del Ferrocarrilde Barcelona Un espacio de intercambio de ideas y conocimientos sobre el mundo del ferrocarril en todos sus \u00e1mbitos. Estudio y Difusi\u00f3n del Mundo FerroviarioFomento [&hellip;]<\/p>\n","protected":false},"author":5,"featured_media":0,"parent":0,"menu_order":0,"comment_status":"closed","ping_status":"closed","template":"","meta":{"_et_pb_use_builder":"on","_et_pb_old_content":"","_et_gb_content_width":"","footnotes":""},"class_list":["post-9458","page","type-page","status-publish","hentry"],"yoast_head":"<!-- This site is optimized with the Yoast SEO plugin v27.3 - https:\/\/yoast.com\/product\/yoast-seo-wordpress\/ -->\n<title>Inicio - AAFCB<\/title>\n<meta name=\"robots\" content=\"index, follow, max-snippet:-1, max-image-preview:large, max-video-preview:-1\" \/>\n<link rel=\"canonical\" href=\"https:\/\/aafcb.cat\/es\/\" \/>\n<meta property=\"og:locale\" content=\"es_ES\" \/>\n<meta property=\"og:type\" content=\"article\" \/>\n<meta property=\"og:title\" content=\"Inicio - AAFCB\" \/>\n<meta property=\"og:description\" content=\"Associaci\u00f3 d\u2019Amics del Ferrocarrilde Barcelona Un espacio de intercambio de ideas y conocimientos sobre el mundo del ferrocarril en todos sus \u00e1mbitos. Estudio y Difusi\u00f3n del Mundo FerroviarioFomento [&hellip;]\" \/>\n<meta property=\"og:url\" content=\"https:\/\/aafcb.cat\/es\/\" \/>\n<meta property=\"og:site_name\" content=\"AAFCB\" \/>\n<meta property=\"article:modified_time\" content=\"2024-03-08T15:20:05+00:00\" \/>\n<meta name=\"twitter:card\" content=\"summary_large_image\" \/>\n<meta name=\"twitter:label1\" content=\"Tiempo de lectura\" \/>\n\t<meta name=\"twitter:data1\" content=\"7 minutos\" \/>\n<script type=\"application\/ld+json\" class=\"yoast-schema-graph\">{\"@context\":\"https:\\\/\\\/schema.org\",\"@graph\":[{\"@type\":\"WebPage\",\"@id\":\"https:\\\/\\\/aafcb.cat\\\/es\\\/\",\"url\":\"https:\\\/\\\/aafcb.cat\\\/es\\\/\",\"name\":\"Inicio - AAFCB\",\"isPartOf\":{\"@id\":\"https:\\\/\\\/aafcb.cat\\\/es\\\/#website\"},\"datePublished\":\"2024-03-08T14:19:09+00:00\",\"dateModified\":\"2024-03-08T15:20:05+00:00\",\"breadcrumb\":{\"@id\":\"https:\\\/\\\/aafcb.cat\\\/es\\\/#breadcrumb\"},\"inLanguage\":\"es\",\"potentialAction\":[{\"@type\":\"ReadAction\",\"target\":[\"https:\\\/\\\/aafcb.cat\\\/es\\\/\"]}]},{\"@type\":\"BreadcrumbList\",\"@id\":\"https:\\\/\\\/aafcb.cat\\\/es\\\/#breadcrumb\",\"itemListElement\":[{\"@type\":\"ListItem\",\"position\":1,\"name\":\"Inici\",\"item\":\"https:\\\/\\\/aafcb.cat\\\/es\\\/\"},{\"@type\":\"ListItem\",\"position\":2,\"name\":\"Inicio\"}]},{\"@type\":\"WebSite\",\"@id\":\"https:\\\/\\\/aafcb.cat\\\/es\\\/#website\",\"url\":\"https:\\\/\\\/aafcb.cat\\\/es\\\/\",\"name\":\"AAFCB\",\"description\":\"Associaci\u00f3 d&#039;Amics del Ferrocarril de Barcelona\",\"potentialAction\":[{\"@type\":\"SearchAction\",\"target\":{\"@type\":\"EntryPoint\",\"urlTemplate\":\"https:\\\/\\\/aafcb.cat\\\/es\\\/?s={search_term_string}\"},\"query-input\":{\"@type\":\"PropertyValueSpecification\",\"valueRequired\":true,\"valueName\":\"search_term_string\"}}],\"inLanguage\":\"es\"}]}<\/script>\n<!-- \/ Yoast SEO plugin. -->","yoast_head_json":{"title":"Inicio - AAFCB","robots":{"index":"index","follow":"follow","max-snippet":"max-snippet:-1","max-image-preview":"max-image-preview:large","max-video-preview":"max-video-preview:-1"},"canonical":"https:\/\/aafcb.cat\/es\/","og_locale":"es_ES","og_type":"article","og_title":"Inicio - AAFCB","og_description":"Associaci\u00f3 d\u2019Amics del Ferrocarrilde Barcelona Un espacio de intercambio de ideas y conocimientos sobre el mundo del ferrocarril en todos sus \u00e1mbitos. Estudio y Difusi\u00f3n del Mundo FerroviarioFomento [&hellip;]","og_url":"https:\/\/aafcb.cat\/es\/","og_site_name":"AAFCB","article_modified_time":"2024-03-08T15:20:05+00:00","twitter_card":"summary_large_image","twitter_misc":{"Tiempo de lectura":"7 minutos"},"schema":{"@context":"https:\/\/schema.org","@graph":[{"@type":"WebPage","@id":"https:\/\/aafcb.cat\/es\/","url":"https:\/\/aafcb.cat\/es\/","name":"Inicio - AAFCB","isPartOf":{"@id":"https:\/\/aafcb.cat\/es\/#website"},"datePublished":"2024-03-08T14:19:09+00:00","dateModified":"2024-03-08T15:20:05+00:00","breadcrumb":{"@id":"https:\/\/aafcb.cat\/es\/#breadcrumb"},"inLanguage":"es","potentialAction":[{"@type":"ReadAction","target":["https:\/\/aafcb.cat\/es\/"]}]},{"@type":"BreadcrumbList","@id":"https:\/\/aafcb.cat\/es\/#breadcrumb","itemListElement":[{"@type":"ListItem","position":1,"name":"Inici","item":"https:\/\/aafcb.cat\/es\/"},{"@type":"ListItem","position":2,"name":"Inicio"}]},{"@type":"WebSite","@id":"https:\/\/aafcb.cat\/es\/#website","url":"https:\/\/aafcb.cat\/es\/","name":"AAFCB","description":"Associaci\u00f3 d&#039;Amics del Ferrocarril de Barcelona","potentialAction":[{"@type":"SearchAction","target":{"@type":"EntryPoint","urlTemplate":"https:\/\/aafcb.cat\/es\/?s={search_term_string}"},"query-input":{"@type":"PropertyValueSpecification","valueRequired":true,"valueName":"search_term_string"}}],"inLanguage":"es"}]}},"_links":{"self":[{"href":"https:\/\/aafcb.cat\/es\/wp-json\/wp\/v2\/pages\/9458","targetHints":{"allow":["GET"]}}],"collection":[{"href":"https:\/\/aafcb.cat\/es\/wp-json\/wp\/v2\/pages"}],"about":[{"href":"https:\/\/aafcb.cat\/es\/wp-json\/wp\/v2\/types\/page"}],"author":[{"embeddable":true,"href":"https:\/\/aafcb.cat\/es\/wp-json\/wp\/v2\/users\/5"}],"replies":[{"embeddable":true,"href":"https:\/\/aafcb.cat\/es\/wp-json\/wp\/v2\/comments?post=9458"}],"version-history":[{"count":4,"href":"https:\/\/aafcb.cat\/es\/wp-json\/wp\/v2\/pages\/9458\/revisions"}],"predecessor-version":[{"id":9515,"href":"https:\/\/aafcb.cat\/es\/wp-json\/wp\/v2\/pages\/9458\/revisions\/9515"}],"wp:attachment":[{"href":"https:\/\/aafcb.cat\/es\/wp-json\/wp\/v2\/media?parent=9458"}],"curies":[{"name":"wp","href":"https:\/\/api.w.org\/{rel}","templated":true}]}}