{"id":9855,"date":"2024-05-03T11:07:04","date_gmt":"2024-05-03T09:07:04","guid":{"rendered":"https:\/\/aafcb.cat\/liens\/"},"modified":"2024-05-03T11:07:06","modified_gmt":"2024-05-03T09:07:06","slug":"liens","status":"publish","type":"page","link":"https:\/\/aafcb.cat\/fr\/liens\/","title":{"rendered":"Liens"},"content":{"rendered":"<p>[et_pb_section fb_built=\u00a0\u00bb1&Prime; fullwidth=\u00a0\u00bbon\u00a0\u00bb _builder_version=\u00a0\u00bb4.21.0&Prime; _module_preset=\u00a0\u00bbdefault\u00a0\u00bb hover_enabled=\u00a0\u00bb0&Prime; global_colors_info=\u00a0\u00bb{}\u00a0\u00bb sticky_enabled=\u00a0\u00bb0&Prime;][et_pb_fullwidth_header title=\u00a0\u00bbLiens\u00a0\u00bb _builder_version=\u00a0\u00bb4.21.0&Prime; _module_preset=\u00a0\u00bbdefault\u00a0\u00bb hover_enabled=\u00a0\u00bb0&Prime; global_colors_info=\u00a0\u00bb{}\u00a0\u00bb sticky_enabled=\u00a0\u00bb0&Prime;][\/et_pb_fullwidth_header][\/et_pb_section][et_pb_section fb_built=\u00a0\u00bb1&Prime; custom_padding_last_edited=\u00a0\u00bbon|desktop\u00a0\u00bb admin_label=\u00a0\u00bbsection\u00a0\u00bb _builder_version=\u00a0\u00bb4.16&Prime; background_color=\u00a0\u00bb#f7f7f7&Prime; custom_padding_tablet=\u00a0\u00bb50px|0|50px|0&Prime; custom_padding_phone=\u00a0\u00bb\u00a0\u00bb hover_enabled=\u00a0\u00bb0&Prime; transparent_background=\u00a0\u00bboff\u00a0\u00bb padding_mobile=\u00a0\u00bboff\u00a0\u00bb make_fullwidth=\u00a0\u00bboff\u00a0\u00bb use_custom_width=\u00a0\u00bboff\u00a0\u00bb width_unit=\u00a0\u00bboff\u00a0\u00bb custom_width_px=\u00a0\u00bb1080px\u00a0\u00bb custom_width_percent=\u00a0\u00bb80%\u00a0\u00bb global_colors_info=\u00a0\u00bb{}\u00a0\u00bb sticky_enabled=\u00a0\u00bb0&Prime;][et_pb_row padding_mobile=\u00a0\u00bboff\u00a0\u00bb column_padding_mobile=\u00a0\u00bbon\u00a0\u00bb admin_label=\u00a0\u00bbrow\u00a0\u00bb module_id=\u00a0\u00bbact_modelisme\u00a0\u00bb _builder_version=\u00a0\u00bb4.16&Prime; background_size=\u00a0\u00bbinitial\u00a0\u00bb background_position=\u00a0\u00bbtop_left\u00a0\u00bb background_repeat=\u00a0\u00bbrepeat\u00a0\u00bb hover_enabled=\u00a0\u00bb0&Prime; make_fullwidth=\u00a0\u00bboff\u00a0\u00bb use_custom_width=\u00a0\u00bboff\u00a0\u00bb width_unit=\u00a0\u00bboff\u00a0\u00bb custom_width_px=\u00a0\u00bb1080px\u00a0\u00bb custom_width_percent=\u00a0\u00bb80%\u00a0\u00bb global_colors_info=\u00a0\u00bb{}\u00a0\u00bb sticky_enabled=\u00a0\u00bb0&Prime;][et_pb_column type=\u00a0\u00bb4_4&Prime; _builder_version=\u00a0\u00bb4.16&Prime; custom_padding=\u00a0\u00bb|||\u00a0\u00bb global_colors_info=\u00a0\u00bb{}\u00a0\u00bb custom_padding__hover=\u00a0\u00bb|||\u00a0\u00bb][et_pb_tabs _builder_version=\u00a0\u00bb4.23.1&Prime; background_size=\u00a0\u00bbinitial\u00a0\u00bb background_position=\u00a0\u00bbtop_left\u00a0\u00bb background_repeat=\u00a0\u00bbrepeat\u00a0\u00bb hover_enabled=\u00a0\u00bb0&Prime; use_border_color=\u00a0\u00bboff\u00a0\u00bb global_colors_info=\u00a0\u00bb{}\u00a0\u00bb sticky_enabled=\u00a0\u00bb0&Prime;][et_pb_tab title=\u00a0\u00bbENTIT\u00c9S ET ASSOCIATIONS\u00a0\u00bb _builder_version=\u00a0\u00bb4.16&Prime; global_colors_info=\u00a0\u00bb{}\u00a0\u00bb]<\/p>\n<ul>\n<li>\n<div><a href=\"http:\/\/www.facebook.com\/group.php?gid=61254996116&amp;v=wall\">Facebook Associaci\u00f2<\/a><\/div>\n<\/li>\n<li>\n<div><a href=\"http:\/\/www.fcaf.cat\/\">Federaci\u00f3 Catalana d\u2019Amics del Ferrocarril<\/a><\/div>\n<\/li>\n<li>\n<div><a href=\"http:\/\/www.amigosdelferrocarril.es\/\">Federaci\u00f3n Espa\u00f1ola de Amigos del Ferrocarril<\/a><\/div>\n<\/li>\n<li>\n<div><a title=\"Associacio Recuperacio Material Ferroviari\" href=\"http:\/\/www.armf.net\/ca\/index.php\" target=\"_blank\" rel=\"noopener\">Asociacio per la Recuperacio de Material Ferroviari<\/a><\/div>\n<\/li>\n<li>\n<div><a title=\"Federaci\u00f3n Castellano Manchega de Amigos del Ferrocarril\" href=\"http:\/\/www.fcmaf.es\/\">Federaci\u00f3n Castellano Manchega de Amigos del Ferrocarril<\/a><\/div>\n<\/li>\n<li>\n<div><a title=\"Forum Transport Catala\" href=\"http:\/\/www.transport.cat\/\">F\u00f2rum del transport catal\u00e0<\/a><\/div>\n<\/li>\n<li>\n<div><a href=\"http:\/\/www.transportpublic.org\/\">PTP \u00b7 Promocio del Transport Public<\/a><\/div>\n<\/li>\n<\/ul>\n<p>[\/et_pb_tab][et_pb_tab title=\u00a0\u00bbCOMPAGNIES FERROVIAIRES\u00a0\u00bb _builder_version=\u00a0\u00bb4.16&Prime; global_colors_info=\u00a0\u00bb{}\u00a0\u00bb]<\/p>\n<ul>\n<li><a title=\"Ferrocarrils Generalitat de Catalunya-FGC\" href=\"http:\/\/www.fgc.cat\" target=\"_blank\" rel=\"noopener\">FGC<\/a><\/li>\n<li><a title=\"RENFE - Operador estat espanyol\" href=\"http:\/\/www.renfe.es\/\" target=\"_blank\" rel=\"noopener\">RENFE<\/a><\/li>\n<li><a title=\"Administrador infraestrucuturas Ferroviarias\" href=\"http:\/\/www.adif.es\/\" target=\"_blank\" rel=\"noopener\">ADIF<\/a><\/li>\n<li><a title=\"Transports de Barcelona\" href=\"http:\/\/www.tmb.net\/\" target=\"_blank\" rel=\"noopener\">Transports de Barcelona<\/a><\/li>\n<li><a title=\"Ferrocarrils su\u00efssos\" href=\"http:\/\/www.cff.ch\/\" target=\"_blank\" rel=\"noopener\">Ferrocarrils Su\u00efssos Federals<\/a><\/li>\n<li><a title=\"Ferrocarrils retics\" href=\"http:\/\/www.rhb.ch\/\" target=\"_blank\" rel=\"noopener\">Ferrocarrils retics<\/a><\/li>\n<li><a title=\"Ferrocarrils alemanys\" href=\"https:\/\/www.bahn.de\" target=\"_blank\" rel=\"noopener\">Deustche Bahn<\/a><\/li>\n<li><a title=\"Ferrocarrils francesos\" href=\"http:\/\/www.sncf.fr\/\" target=\"_blank\" rel=\"noopener\">SNCF<\/a><\/li>\n<\/ul>\n<p>[\/et_pb_tab][et_pb_tab title=\u00a0\u00bbMUS\u00c9ES ET FONDATIONS\u00a0\u00bb _builder_version=\u00a0\u00bb4.16&Prime; global_colors_info=\u00a0\u00bb{}\u00a0\u00bb]<\/p>\n<ul>\n<li><a title=\"Fundaci\u00f3n de los Ferrocarriles Espa\u00f1oles\" href=\"http:\/\/www.ffe.es\/\" target=\"_blank\" rel=\"noopener\">Fundaci\u00f3n de los Ferrocarriles Espa\u00f1oles<\/a><\/li>\n<li><a title=\"Museu Ferrocarril Vilanova\" href=\"http:\/\/www.mnactec.cat\/museum\/museu_del_ferrocarril_de_vilanova_i_la_geltru.htm\" target=\"_blank\" rel=\"noopener\">Museu del Ferrocarril de Vilanova i la Geltru<\/a><\/li>\n<li><a title=\"Museu de Delicias\" href=\"http:\/\/www.museodelferrocarril.org\/\" target=\"_blank\" rel=\"noopener\">Museu de Delicias<\/a><\/li>\n<li><a title=\"Associacio Mora la Nova\" href=\"http:\/\/www.appfi.net\/\" target=\"_blank\" rel=\"noopener\">Fundacio per la preservacio de material ferroviari-Mora La Nova<\/a><\/li>\n<li><a title=\"ARCHIVES HISTORIQUES DE POBLE NOU\" href=\"http:\/\/www.arxiuhistoricpoblenou.cat\/\">Arxiu hist\u00f2ric del Poble Nou<\/a><\/li>\n<\/ul>\n<p>[\/et_pb_tab][et_pb_tab title=\u00a0\u00bbPAGES DE FANS\u00a0\u00bb _builder_version=\u00a0\u00bb4.23.1&Prime; hover_enabled=\u00a0\u00bb0&Prime; global_colors_info=\u00a0\u00bb{}\u00a0\u00bb sticky_enabled=\u00a0\u00bb0&Prime;]<\/p>\n<ul>\n<li><a title=\"Joan Segura\" href=\"http:\/\/seguratraction.blogspot.com\/\" target=\"_blank\" rel=\"noopener\">Joan Segura (soci) blog personal<\/a><\/li>\n<li><a title=\"Josep Coll (soci) blog personal\" href=\"http:\/\/www.cattrens.eu\/\">Josep Coll blog personal<\/a><\/li>\n<li><a title=\"Trenscat de Bernat Borras\" href=\"http:\/\/trenscatbloc.blogspot.com\/\">Bernat Borras blog Trenscat<\/a><\/li>\n<li><a title=\"Jordi Barreda, tren.cat\" href=\"http:\/\/tren.cat\/\">Jordi Barreda, tren.cat<\/a><\/li>\n<\/ul>\n<p>[\/et_pb_tab][et_pb_tab title=\u00a0\u00bbCOMER\u00c7OS\u00a0\u00bb _builder_version=\u00a0\u00bb4.20.4&Prime; global_colors_info=\u00a0\u00bb{}\u00a0\u00bb]<\/p>\n<ul>\n<li><a title=\"Basar Valira - Andorra\" href=\"http:\/\/www.basarvalira.com\/\" target=\"_blank\" rel=\"noopener\">Basar Valira<\/a><\/li>\n<li><a title=\"Rocafort Modelisme\" href=\"http:\/\/www.rocafort.com\/\" target=\"_blank\" rel=\"noopener\">Rocafort<\/a><\/li>\n<li><a title=\"Botiga Lokshop - Alemania\" href=\"http:\/\/www.lokshop.de\/\" target=\"_blank\" rel=\"noopener\">Lokshop<\/a><\/li>\n<li><a title=\"Zuba Tech Sant Gallen - Su\u00efssa\" href=\"http:\/\/www.zuba-tech.ch\/\" target=\"_blank\" rel=\"noopener\">Zuba-Tech<\/a><\/li>\n<\/ul>\n<p>[\/et_pb_tab][\/et_pb_tabs][\/et_pb_column][\/et_pb_row][\/et_pb_section]<\/p>\n","protected":false},"excerpt":{"rendered":"<p>Facebook Associaci\u00f2 Federaci\u00f3 Catalana d\u2019Amics del Ferrocarril Federaci\u00f3n Espa\u00f1ola de Amigos del Ferrocarril Asociacio per la Recuperacio de Material Ferroviari Federaci\u00f3n Castellano Manchega de Amigos del Ferrocarril F\u00f2rum del transport [&hellip;]<\/p>\n","protected":false},"author":5,"featured_media":0,"parent":0,"menu_order":0,"comment_status":"closed","ping_status":"closed","template":"","meta":{"_et_pb_use_builder":"on","_et_pb_old_content":"","_et_gb_content_width":"","footnotes":""},"class_list":["post-9855","page","type-page","status-publish","hentry"],"yoast_head":"<!-- This site is optimized with the Yoast SEO plugin v27.3 - https:\/\/yoast.com\/product\/yoast-seo-wordpress\/ -->\n<title>Liens - AAFCB<\/title>\n<meta name=\"robots\" content=\"index, follow, max-snippet:-1, max-image-preview:large, max-video-preview:-1\" \/>\n<link rel=\"canonical\" href=\"https:\/\/aafcb.cat\/fr\/liens\/\" \/>\n<meta property=\"og:locale\" content=\"fr_FR\" \/>\n<meta property=\"og:type\" content=\"article\" \/>\n<meta property=\"og:title\" content=\"Liens - AAFCB\" \/>\n<meta property=\"og:description\" content=\"Facebook Associaci\u00f2 Federaci\u00f3 Catalana d\u2019Amics del Ferrocarril Federaci\u00f3n Espa\u00f1ola de Amigos del Ferrocarril Asociacio per la Recuperacio de Material Ferroviari Federaci\u00f3n Castellano Manchega de Amigos del Ferrocarril F\u00f2rum del transport [&hellip;]\" \/>\n<meta property=\"og:url\" content=\"https:\/\/aafcb.cat\/fr\/liens\/\" \/>\n<meta property=\"og:site_name\" content=\"AAFCB\" \/>\n<meta property=\"article:modified_time\" content=\"2024-05-03T09:07:06+00:00\" \/>\n<meta name=\"twitter:card\" content=\"summary_large_image\" \/>\n<meta name=\"twitter:label1\" content=\"Dur\u00e9e de lecture estim\u00e9e\" \/>\n\t<meta name=\"twitter:data1\" content=\"2 minutes\" \/>\n<script type=\"application\/ld+json\" class=\"yoast-schema-graph\">{\"@context\":\"https:\\\/\\\/schema.org\",\"@graph\":[{\"@type\":\"WebPage\",\"@id\":\"https:\\\/\\\/aafcb.cat\\\/fr\\\/liens\\\/\",\"url\":\"https:\\\/\\\/aafcb.cat\\\/fr\\\/liens\\\/\",\"name\":\"Liens - AAFCB\",\"isPartOf\":{\"@id\":\"https:\\\/\\\/aafcb.cat\\\/fr\\\/#website\"},\"datePublished\":\"2024-05-03T09:07:04+00:00\",\"dateModified\":\"2024-05-03T09:07:06+00:00\",\"breadcrumb\":{\"@id\":\"https:\\\/\\\/aafcb.cat\\\/fr\\\/liens\\\/#breadcrumb\"},\"inLanguage\":\"fr-FR\",\"potentialAction\":[{\"@type\":\"ReadAction\",\"target\":[\"https:\\\/\\\/aafcb.cat\\\/fr\\\/liens\\\/\"]}]},{\"@type\":\"BreadcrumbList\",\"@id\":\"https:\\\/\\\/aafcb.cat\\\/fr\\\/liens\\\/#breadcrumb\",\"itemListElement\":[{\"@type\":\"ListItem\",\"position\":1,\"name\":\"Inici\",\"item\":\"https:\\\/\\\/aafcb.cat\\\/fr\\\/home\\\/\"},{\"@type\":\"ListItem\",\"position\":2,\"name\":\"Liens\"}]},{\"@type\":\"WebSite\",\"@id\":\"https:\\\/\\\/aafcb.cat\\\/fr\\\/#website\",\"url\":\"https:\\\/\\\/aafcb.cat\\\/fr\\\/\",\"name\":\"AAFCB\",\"description\":\"Associaci\u00f3 d&#039;Amics del Ferrocarril de Barcelona\",\"potentialAction\":[{\"@type\":\"SearchAction\",\"target\":{\"@type\":\"EntryPoint\",\"urlTemplate\":\"https:\\\/\\\/aafcb.cat\\\/fr\\\/?s={search_term_string}\"},\"query-input\":{\"@type\":\"PropertyValueSpecification\",\"valueRequired\":true,\"valueName\":\"search_term_string\"}}],\"inLanguage\":\"fr-FR\"}]}<\/script>\n<!-- \/ Yoast SEO plugin. -->","yoast_head_json":{"title":"Liens - AAFCB","robots":{"index":"index","follow":"follow","max-snippet":"max-snippet:-1","max-image-preview":"max-image-preview:large","max-video-preview":"max-video-preview:-1"},"canonical":"https:\/\/aafcb.cat\/fr\/liens\/","og_locale":"fr_FR","og_type":"article","og_title":"Liens - AAFCB","og_description":"Facebook Associaci\u00f2 Federaci\u00f3 Catalana d\u2019Amics del Ferrocarril Federaci\u00f3n Espa\u00f1ola de Amigos del Ferrocarril Asociacio per la Recuperacio de Material Ferroviari Federaci\u00f3n Castellano Manchega de Amigos del Ferrocarril F\u00f2rum del transport [&hellip;]","og_url":"https:\/\/aafcb.cat\/fr\/liens\/","og_site_name":"AAFCB","article_modified_time":"2024-05-03T09:07:06+00:00","twitter_card":"summary_large_image","twitter_misc":{"Dur\u00e9e de lecture estim\u00e9e":"2 minutes"},"schema":{"@context":"https:\/\/schema.org","@graph":[{"@type":"WebPage","@id":"https:\/\/aafcb.cat\/fr\/liens\/","url":"https:\/\/aafcb.cat\/fr\/liens\/","name":"Liens - AAFCB","isPartOf":{"@id":"https:\/\/aafcb.cat\/fr\/#website"},"datePublished":"2024-05-03T09:07:04+00:00","dateModified":"2024-05-03T09:07:06+00:00","breadcrumb":{"@id":"https:\/\/aafcb.cat\/fr\/liens\/#breadcrumb"},"inLanguage":"fr-FR","potentialAction":[{"@type":"ReadAction","target":["https:\/\/aafcb.cat\/fr\/liens\/"]}]},{"@type":"BreadcrumbList","@id":"https:\/\/aafcb.cat\/fr\/liens\/#breadcrumb","itemListElement":[{"@type":"ListItem","position":1,"name":"Inici","item":"https:\/\/aafcb.cat\/fr\/home\/"},{"@type":"ListItem","position":2,"name":"Liens"}]},{"@type":"WebSite","@id":"https:\/\/aafcb.cat\/fr\/#website","url":"https:\/\/aafcb.cat\/fr\/","name":"AAFCB","description":"Associaci\u00f3 d&#039;Amics del Ferrocarril de Barcelona","potentialAction":[{"@type":"SearchAction","target":{"@type":"EntryPoint","urlTemplate":"https:\/\/aafcb.cat\/fr\/?s={search_term_string}"},"query-input":{"@type":"PropertyValueSpecification","valueRequired":true,"valueName":"search_term_string"}}],"inLanguage":"fr-FR"}]}},"_links":{"self":[{"href":"https:\/\/aafcb.cat\/fr\/wp-json\/wp\/v2\/pages\/9855","targetHints":{"allow":["GET"]}}],"collection":[{"href":"https:\/\/aafcb.cat\/fr\/wp-json\/wp\/v2\/pages"}],"about":[{"href":"https:\/\/aafcb.cat\/fr\/wp-json\/wp\/v2\/types\/page"}],"author":[{"embeddable":true,"href":"https:\/\/aafcb.cat\/fr\/wp-json\/wp\/v2\/users\/5"}],"replies":[{"embeddable":true,"href":"https:\/\/aafcb.cat\/fr\/wp-json\/wp\/v2\/comments?post=9855"}],"version-history":[{"count":2,"href":"https:\/\/aafcb.cat\/fr\/wp-json\/wp\/v2\/pages\/9855\/revisions"}],"predecessor-version":[{"id":9858,"href":"https:\/\/aafcb.cat\/fr\/wp-json\/wp\/v2\/pages\/9855\/revisions\/9858"}],"wp:attachment":[{"href":"https:\/\/aafcb.cat\/fr\/wp-json\/wp\/v2\/media?parent=9855"}],"curies":[{"name":"wp","href":"https:\/\/api.w.org\/{rel}","templated":true}]}}